{"id":271,"date":"2025-10-13T12:49:52","date_gmt":"2025-10-13T10:49:52","guid":{"rendered":"https:\/\/www.sitrass.org\/?page_id=271"},"modified":"2026-02-27T18:34:13","modified_gmt":"2026-02-27T17:34:13","slug":"sitrass-10-lome-togo","status":"publish","type":"page","link":"https:\/\/www.sitrass.org\/index.php\/sitrass-10-lome-togo\/","title":{"rendered":"SITRASS 10, Lom\u00e9 (Togo)"},"content":{"rendered":"\n<p class=\"has-text-align-center\"><strong>S\u00e9minaire International sur les Transports et la Recherche en Afrique Sub-Saharienne<\/strong><\/p>\n\n\n\n<p class=\"has-text-align-center\">10 &#8211; 12 septembre 2025<\/p>\n\n\n\n<p class=\"has-text-align-center\"><strong>Th\u00e8me : Bilan et perspectives apr\u00e8s 40 ans de programmes et de politiques de transport en Afrique<\/strong><\/p>\n\n\n\n<p class=\"has-text-align-center\">[ <strong><a href=\"https:\/\/www.sitrass.org\/wp-content\/uploads\/2025\/10\/PROGRAMME_SITRASS10_septembre_2025.pdf\" data-type=\"link\" data-id=\"https:\/\/www.sitrass.org\/wp-content\/uploads\/2025\/10\/SITRASS10_PROGRAMME.pdf\" target=\"_blank\" rel=\"noreferrer noopener\">Programme<\/a> <\/strong>] &#8211; [ <strong><a href=\"https:\/\/www.sitrass.org\/wp-content\/uploads\/2025\/06\/Appel-a-communications-SITRASS10-DEF.pdf\" data-type=\"link\" data-id=\"https:\/\/www.sitrass.org\/wp-content\/uploads\/2025\/06\/Appel-a-communications-SITRASS10-DEF.pdf\" target=\"_blank\" rel=\"noreferrer noopener\">Appel \u00e0 communication<\/a><\/strong> ]<\/p>\n\n\n\n<h3 class=\"wp-block-heading\"><strong>Ouverture du S\u00e9minaire<\/strong><\/h3>\n\n\n\n<figure class=\"wp-block-image size-full\"><img loading=\"lazy\" decoding=\"async\" width=\"800\" height=\"413\" src=\"https:\/\/www.sitrass.org\/wp-content\/uploads\/2025\/10\/Photographie_SITRASS10_ouverture.jpg\" alt=\"\" class=\"wp-image-240\" srcset=\"https:\/\/www.sitrass.org\/wp-content\/uploads\/2025\/10\/Photographie_SITRASS10_ouverture.jpg 800w, https:\/\/www.sitrass.org\/wp-content\/uploads\/2025\/10\/Photographie_SITRASS10_ouverture-300x155.jpg 300w, https:\/\/www.sitrass.org\/wp-content\/uploads\/2025\/10\/Photographie_SITRASS10_ouverture-768x396.jpg 768w, https:\/\/www.sitrass.org\/wp-content\/uploads\/2025\/10\/Photographie_SITRASS10_ouverture-523x270.jpg 523w\" sizes=\"auto, (max-width: 800px) 100vw, 800px\" \/><\/figure>\n\n\n\n<ul class=\"wp-block-list\">\n<li>Maitre de c\u00e9r\u00e9monie : <strong>Innocent Mawutoe FATONZOUN<\/strong> (SITRASS)<\/li>\n\n\n\n<li>Mot d\u2019ouverture de Madame le Gouverneur du District autonome du Grand Lom\u00e9<\/li>\n\n\n\n<li>Mot du Pr\u00e9sident de SITRASS, dont un <strong><a href=\"https:\/\/www.sitrass.org\/index.php\/deces-de-patrice-amakoe-adolehoume\/\" data-type=\"page\" data-id=\"152\" target=\"_blank\" rel=\"noreferrer noopener\">hommage \u00e0 Amako\u00e9 Patrice ADOLEHOUME<\/a><\/strong><\/li>\n\n\n\n<li><a href=\"https:\/\/www.sitrass.org\/wp-content\/uploads\/2025\/10\/SITRASS10_Alain_BONNAFOUS_Enseignements_et_bilan_de_40-ans.pdf\" data-type=\"link\" data-id=\"https:\/\/www.sitrass.org\/wp-content\/uploads\/2025\/10\/SITRASS10_Alain_BONNAFOUS_Enseignements_et_bilan_de_40-ans.pdf\" target=\"_blank\" rel=\"noreferrer noopener\"><strong>Le\u00e7on inaugurale d\u2019\u00e9conomie des transports<\/strong><\/a> par le Professeur <strong>Alain BONNAFOUS<\/strong><\/li>\n\n\n\n<li>Discours d\u2019ouverture de Monsieur le repr\u00e9sentant du Gouvernement du Togo<\/li>\n<\/ul>\n\n\n\n<hr class=\"wp-block-separator has-alpha-channel-opacity\"\/>\n\n\n\n<h3 class=\"wp-block-heading\">Panel de haut niveau : Bilan et perspectives apr\u00e8s 40 ans de programmes et de politiques de transport en Afrique<\/h3>\n\n\n\n<figure class=\"wp-block-image size-full\"><img loading=\"lazy\" decoding=\"async\" width=\"800\" height=\"266\" src=\"https:\/\/www.sitrass.org\/wp-content\/uploads\/2025\/10\/Photographie_SITRASS10_Panel_de_haut_niveau.jpg\" alt=\"\" class=\"wp-image-255\" srcset=\"https:\/\/www.sitrass.org\/wp-content\/uploads\/2025\/10\/Photographie_SITRASS10_Panel_de_haut_niveau.jpg 800w, https:\/\/www.sitrass.org\/wp-content\/uploads\/2025\/10\/Photographie_SITRASS10_Panel_de_haut_niveau-300x100.jpg 300w, https:\/\/www.sitrass.org\/wp-content\/uploads\/2025\/10\/Photographie_SITRASS10_Panel_de_haut_niveau-768x255.jpg 768w, https:\/\/www.sitrass.org\/wp-content\/uploads\/2025\/10\/Photographie_SITRASS10_Panel_de_haut_niveau-604x201.jpg 604w\" sizes=\"auto, (max-width: 800px) 100vw, 800px\" \/><\/figure>\n\n\n\n<h4 class=\"wp-block-heading\">Mod\u00e9rateur : Alain BONNAFOUS (LAET\/SITRASS)<\/h4>\n\n\n\n<ul class=\"wp-block-list\">\n<li><strong>Jonas GBIAN<\/strong>, Commissaire en charge de l\u2019Am\u00e9nagement du Territoire Communautaire et des Transports (DATC) \/ UEMOA ou son repr\u00e9sentant<\/li>\n\n\n\n<li><strong><a href=\"https:\/\/www.sitrass.org\/wp-content\/uploads\/2025\/10\/SITRASS10_Mustapha_BENMAAMAR_Presentation_SSATP.pdf\" data-type=\"link\" data-id=\"https:\/\/www.sitrass.org\/wp-content\/uploads\/2025\/10\/SITRASS10_Mustapha_BENMAAMAR_Presentation_SSATP.pdf\" target=\"_blank\" rel=\"noreferrer noopener\">Mustapha BENMAAMAR<\/a><\/strong>, Directeur SSATP \/ Banque Mondiale<\/li>\n\n\n\n<li><strong><a href=\"https:\/\/www.sitrass.org\/wp-content\/uploads\/2025\/10\/SITRASS10_JF_MARTEAU_Po_Banque_Mondiale.pdf\" data-type=\"link\" data-id=\"https:\/\/www.sitrass.org\/wp-content\/uploads\/2025\/10\/SITRASS10_JF_MARTEAU_Po_Banque_Mondiale.pdf\" target=\"_blank\" rel=\"noreferrer noopener\">Jean-Fran\u00e7ois MARTEAU<\/a><\/strong>, Directeur du programme Transport Afrique de l\u2019Ouest \/ Banque Mondiale<\/li>\n\n\n\n<li><strong><a href=\"https:\/\/www.sitrass.org\/wp-content\/uploads\/2025\/10\/SITRASS10_Sergio_OLIETE_JOSA_politique_UE_Transport.pdf\" data-type=\"link\" data-id=\"https:\/\/www.sitrass.org\/wp-content\/uploads\/2025\/10\/SITRASS10_Sergio_OLIETE_JOSA_politique_UE_Transport.pdf\" target=\"_blank\" rel=\"noreferrer noopener\">Sergio OLIETE JOSA<\/a><\/strong>, Chef unit\u00e9 Transport et am\u00e9nagement urbain durables \u2013 Dir. G\u00e9n. des partenariats intern. \/ Commission europ\u00e9enne<\/li>\n\n\n\n<li><strong><a href=\"https:\/\/www.sitrass.org\/wp-content\/uploads\/2025\/10\/SITRASS10_Michel_Komlan_TINDANO_po_des_transports_du_Togo.pdf\" data-type=\"link\" data-id=\"https:\/\/www.sitrass.org\/wp-content\/uploads\/2025\/10\/SITRASS10_Michel_Komlan_TINDANO_po_des_transports_du_Togo.pdf\" target=\"_blank\" rel=\"noreferrer noopener\">Michel Komlan TINDANO<\/a><\/strong>, Secr\u00e9taire G\u00e9n\u00e9ral du Minist\u00e8re des transports du Togo<\/li>\n\n\n\n<li><strong><a href=\"https:\/\/www.sitrass.org\/wp-content\/uploads\/2025\/10\/SITRASS10_Ibrah_Wahabou_AUDA-NEPAD_Presentation.pdf\" data-type=\"link\" data-id=\"https:\/\/www.sitrass.org\/wp-content\/uploads\/2025\/10\/SITRASS10_Ibrah_Wahabou_AUDA-NEPAD_Presentation.pdf\" target=\"_blank\" rel=\"noreferrer noopener\">Ibrah WAHABOU<\/a><\/strong>, Directeur des transports, AUDA &#8211; NEPAD<\/li>\n<\/ul>\n\n\n\n<hr class=\"wp-block-separator has-alpha-channel-opacity\"\/>\n\n\n\n<h3 class=\"wp-block-heading\">Session 2 : Transports Urbains \/ Autorit\u00e9s organisatrices de mobilit\u00e9 et exploitants<\/h3>\n\n\n\n<figure class=\"wp-block-image size-full\"><img loading=\"lazy\" decoding=\"async\" width=\"800\" height=\"412\" src=\"https:\/\/www.sitrass.org\/wp-content\/uploads\/2025\/10\/SITRASS-10_Session_2.jpg\" alt=\"\" class=\"wp-image-287\" srcset=\"https:\/\/www.sitrass.org\/wp-content\/uploads\/2025\/10\/SITRASS-10_Session_2.jpg 800w, https:\/\/www.sitrass.org\/wp-content\/uploads\/2025\/10\/SITRASS-10_Session_2-300x155.jpg 300w, https:\/\/www.sitrass.org\/wp-content\/uploads\/2025\/10\/SITRASS-10_Session_2-768x396.jpg 768w, https:\/\/www.sitrass.org\/wp-content\/uploads\/2025\/10\/SITRASS-10_Session_2-524x270.jpg 524w\" sizes=\"auto, (max-width: 800px) 100vw, 800px\" \/><\/figure>\n\n\n\n<h4 class=\"wp-block-heading\">Mod\u00e9rateur : Maurice NIATY-MOUAMBA (SITRASS)<\/h4>\n\n\n\n<ul class=\"wp-block-list\">\n<li><strong><a href=\"https:\/\/www.sitrass.org\/wp-content\/uploads\/2025\/10\/SITRASS10_Session_2_G_SARR_AOM_CETUD_Dakar.pdf\" data-type=\"link\" data-id=\"https:\/\/www.sitrass.org\/wp-content\/uploads\/2025\/10\/SITRASS10_Session_2_G_SARR_AOM_CETUD_Dakar.pdf\" target=\"_blank\" rel=\"noreferrer noopener\">Gora SARR<\/a><\/strong> (Dir. G\u00e9n\u00e9ral CETUD), <strong>Ababacar FALL<\/strong> (CETUD), <strong>Amath NDIAYE<\/strong> (CETUD), <em>Autorit\u00e9s organisatrices des transports dans les villes africaines : retour d\u2019exp\u00e9rience et perspectives \u2013 Cas du S\u00e9n\u00e9gal<\/em><\/li>\n\n\n\n<li><strong><a href=\"https:\/\/www.sitrass.org\/wp-content\/uploads\/2025\/10\/SITRASS10_Session_2_KOUAKOU_KONAN_AMUGA_Transports_urbains_Autorites_organisatrices_mobilite.pdf\" data-type=\"link\" data-id=\"https:\/\/www.sitrass.org\/wp-content\/uploads\/2025\/10\/SITRASS10_Session_2_KOUAKOU_KONAN_AMUGA_Transports_urbains_Autorites_organisatrices_mobilite.pdf\" target=\"_blank\" rel=\"noreferrer noopener\">Romain KOUAKOU<\/a><\/strong> (Dir. G\u00e9n\u00e9ral AMUGA, C\u00f4te d\u2019ivoire), <strong>Yao Godefroy KONAN<\/strong> (Conseiller tech. AMUGA), <em>Bilan des politiques de mobilit\u00e9 urbaine dans le Grand Abidjan au cours des 20 derni\u00e8res ann\u00e9es<\/em><\/li>\n\n\n\n<li><strong><a href=\"https:\/\/www.sitrass.org\/wp-content\/uploads\/2025\/10\/SITRASS10_Session_2_L_DIMITROV_UITP_AFRICA_Role_AOM_changements_technologiques_mob_urbaine.pdf\" data-type=\"link\" data-id=\"https:\/\/www.sitrass.org\/wp-content\/uploads\/2025\/10\/SITRASS10_Session_2_L_DIMITROV_UITP_AFRICA_Role_AOM_changements_technologiques_mob_urbaine.pdf\" target=\"_blank\" rel=\"noreferrer noopener\">Laverne DIMITROV<\/a><\/strong>, Directrice de l\u2019Union Internationale des Transports Publics (UITP) en Afrique,<em> The Decisive Role of Metropolitan Transport Authorities in Technological Changes in Urban Transportation: An African Overview<\/em><\/li>\n\n\n\n<li><strong><a href=\"https:\/\/www.sitrass.org\/wp-content\/uploads\/2025\/10\/SITRASS10_Session_2_Michel_Komlan_TINDANO_SOTRAL.pdf\" data-type=\"link\" data-id=\"https:\/\/www.sitrass.org\/wp-content\/uploads\/2025\/10\/SITRASS10_Session_2_Michel_Komlan_TINDANO_SOTRAL.pdf\" target=\"_blank\" rel=\"noreferrer noopener\">Michel Komlan TINDANO<\/a><\/strong> (Minist\u00e8re des transports du Togo \/ SOTRAL), <em>La SOTRAL \u00e0 l\u2019\u00e9preuve de la transition vers le transport durable<\/em><\/li>\n<\/ul>\n\n\n\n<hr class=\"wp-block-separator has-alpha-channel-opacity\"\/>\n\n\n\n<h3 class=\"wp-block-heading\">Session 3 : Transports Urbains \/ Pratiques de mobilit\u00e9<\/h3>\n\n\n\n<figure class=\"wp-block-image size-full\"><img loading=\"lazy\" decoding=\"async\" width=\"800\" height=\"398\" src=\"https:\/\/www.sitrass.org\/wp-content\/uploads\/2025\/10\/Photographie_SITRASS10_Session_3.jpg\" alt=\"\" class=\"wp-image-296\" srcset=\"https:\/\/www.sitrass.org\/wp-content\/uploads\/2025\/10\/Photographie_SITRASS10_Session_3.jpg 800w, https:\/\/www.sitrass.org\/wp-content\/uploads\/2025\/10\/Photographie_SITRASS10_Session_3-300x149.jpg 300w, https:\/\/www.sitrass.org\/wp-content\/uploads\/2025\/10\/Photographie_SITRASS10_Session_3-768x382.jpg 768w, https:\/\/www.sitrass.org\/wp-content\/uploads\/2025\/10\/Photographie_SITRASS10_Session_3-543x270.jpg 543w\" sizes=\"auto, (max-width: 800px) 100vw, 800px\" \/><\/figure>\n\n\n\n<h4 class=\"wp-block-heading\">Mod\u00e9rateur : Innocent Mawutoe FATONZOUN (SITRASS)<\/h4>\n\n\n\n<ul class=\"wp-block-list\">\n<li><strong><a href=\"https:\/\/www.sitrass.org\/wp-content\/uploads\/2025\/10\/SITRASS10_Session_3_Fandio_Epok_Atemboo_Cameroun.pdf\" data-type=\"link\" data-id=\"https:\/\/www.sitrass.org\/wp-content\/uploads\/2025\/10\/SITRASS10_Session_3_Fandio_Epok_Atemboo_Cameroun.pdf\" target=\"_blank\" rel=\"noreferrer noopener\">C\u00e9dric FANDIO<\/a><\/strong> (Univ. Auvergne Clermont Ferrand), <strong>Christian EPOK<\/strong> (Univ. de Douala), <strong>Vianney ATEMBO<\/strong> (Ubuntu Development Group), <em>Analyse des besoins et attentes des acteurs de la mobilit\u00e9 de la communaut\u00e9 urbaine de Yaound\u00e9<\/em><\/li>\n\n\n\n<li><strong><a href=\"https:\/\/www.sitrass.org\/wp-content\/uploads\/2025\/10\/SITRASS10_Session_3_BAMAS_COMPAORE_Univ_Joseph_KI_ZERBO.pdf\" data-type=\"link\" data-id=\"https:\/\/www.sitrass.org\/wp-content\/uploads\/2025\/10\/SITRASS10_Session_3_BAMAS_COMPAORE_Univ_Joseph_KI_ZERBO.pdf\" target=\"_blank\" rel=\"noreferrer noopener\">Stanislas BAMAS<\/a><\/strong> (Univ. Joseph KI ZERBO Ouagadougou), <strong>Ad\u00e9line W. COMPAORE<\/strong> (Univ. Joseph KI ZERBO Ouagadougou), <em>Le transport des scolaires dans la ville de Ouagadougou<\/em><\/li>\n\n\n\n<li><strong><a href=\"https:\/\/www.sitrass.org\/wp-content\/uploads\/2025\/10\/SITRASS10_Session_3_AKIZOUZIM_PMUD_Lome.pdf\" data-type=\"link\" data-id=\"https:\/\/www.sitrass.org\/wp-content\/uploads\/2025\/10\/SITRASS10_Session_3_AKIZOUZIM_PMUD_Lome.pdf\" target=\"_blank\" rel=\"noreferrer noopener\">Kokouvi David AKIZOUZIM<\/a><\/strong> (Minist\u00e8re des transports du Togo), <em>Lom\u00e9 face aux d\u00e9fis de la mobilit\u00e9 urbaine : le Plan de Mobilit\u00e9 Urbaine Durable (PMUD) comme outil prospectif et strat\u00e9gique<\/em><\/li>\n\n\n\n<li><strong><a href=\"https:\/\/www.sitrass.org\/wp-content\/uploads\/2025\/10\/SITRASS10_Session_3_BAFFI_CHAUMIER_HELLUIN_CODATU.pdf\" data-type=\"link\" data-id=\"https:\/\/www.sitrass.org\/wp-content\/uploads\/2025\/10\/SITRASS10_Session_3_BAFFI_CHAUMIER_HELLUIN_CODATU.pdf\" target=\"_blank\" rel=\"noreferrer noopener\">Sol\u00e8ne BAFFI<\/a><\/strong>, <strong>H\u00e9lo\u00efse CHAUMIER<\/strong>, <strong>Jean-Jacques HELLUIN<\/strong> (CODATU), <em>Analyse d\u2019un \u00e9cosyst\u00e8me d\u2019acteurs de la mobilit\u00e9 urbaine dans les villes africaines \u00e0 travers les activit\u00e9s de l\u2019association CODATU<\/em><\/li>\n<\/ul>\n\n\n\n<hr class=\"wp-block-separator has-alpha-channel-opacity\"\/>\n\n\n\n<h3 class=\"wp-block-heading\">Session 4 : Corridors<\/h3>\n\n\n\n<figure class=\"wp-block-image size-full\"><img loading=\"lazy\" decoding=\"async\" width=\"800\" height=\"289\" src=\"https:\/\/www.sitrass.org\/wp-content\/uploads\/2025\/10\/Photographie_SITRASS10_Session_4.jpg\" alt=\"\" class=\"wp-image-313\" srcset=\"https:\/\/www.sitrass.org\/wp-content\/uploads\/2025\/10\/Photographie_SITRASS10_Session_4.jpg 800w, https:\/\/www.sitrass.org\/wp-content\/uploads\/2025\/10\/Photographie_SITRASS10_Session_4-300x108.jpg 300w, https:\/\/www.sitrass.org\/wp-content\/uploads\/2025\/10\/Photographie_SITRASS10_Session_4-768x277.jpg 768w, https:\/\/www.sitrass.org\/wp-content\/uploads\/2025\/10\/Photographie_SITRASS10_Session_4-604x218.jpg 604w\" sizes=\"auto, (max-width: 800px) 100vw, 800px\" \/><\/figure>\n\n\n\n<h4 class=\"wp-block-heading\">Mod\u00e9rateur : Chabi Gnao CHABI YAAROU (UEMOA)<\/h4>\n\n\n\n<ul class=\"wp-block-list\">\n<li><strong><a href=\"https:\/\/www.sitrass.org\/wp-content\/uploads\/2025\/10\/SITRASS10_Session_4_KARANGA_CORRIDORS_et_recettes_de_porte.pdf\" target=\"_blank\" rel=\"noreferrer noopener\">Augustin KARANGA<\/a><\/strong> (BAD), <em>facilitation des transports sur les corridors routiers inter-Etats. La probl\u00e9matique de la s\u00e9curisation des recettes de porte et de la lutte contre la fraude douani\u00e8re associ\u00e9e<\/em><\/li>\n\n\n\n<li><strong><a href=\"https:\/\/www.sitrass.org\/wp-content\/uploads\/2025\/10\/SITRASS10_Session_4_DICKO_Les_pays_saheliens_et_directives_UEMOA_et_CEDEAO.pdf\" data-type=\"link\" data-id=\"https:\/\/www.sitrass.org\/wp-content\/uploads\/2025\/10\/SITRASS10_Session_4_DICKO_Les_pays_saheliens_et_directives_UEMOA_et_CEDEAO.pdf\" target=\"_blank\" rel=\"noreferrer noopener\">Ahmadou Halassi DICKO<\/a><\/strong> (Universit\u00e9 des Sciences Sociales et de Gestion de Bamako (USSGB)), <em>Les pays sah\u00e9liens ouest africains sans littoral et la probl\u00e9matique de la transposition et de l&rsquo;application des directives communautaires de l\u2019UEMOA et de la CEDEAO en mati\u00e8re de transport : cas du Mali<\/em><\/li>\n\n\n\n<li><strong>Tchalanga HALATAKPA<\/strong>, <strong>Eku\u00e9 MIVEDOR<\/strong>, <strong><a href=\"https:\/\/www.sitrass.org\/wp-content\/uploads\/2025\/10\/SITRASS10_Session_4_HALATAKPA_MIVEDOR__SAMA_Togo_Invests_Corridor_Togo.pdf\" data-type=\"link\" data-id=\"https:\/\/www.sitrass.org\/wp-content\/uploads\/2025\/10\/SITRASS10_Session_4_HALATAKPA_MIVEDOR__SAMA_Togo_Invests_Corridor_Togo.pdf\" target=\"_blank\" rel=\"noreferrer noopener\">Passa SAMA<\/a><\/strong> (Togo Invest), <em>Corridors de transport du Togo face au d\u00e9veloppement logistique : Enjeux et perspectives d\u2019int\u00e9gration r\u00e9gionale<\/em><\/li>\n\n\n\n<li><strong><a href=\"https:\/\/www.sitrass.org\/wp-content\/uploads\/2025\/10\/SITRASS10_Session_4_LOMBARD_Corridor_Dakar_Bamako.pdf\" data-type=\"link\" data-id=\"https:\/\/www.sitrass.org\/wp-content\/uploads\/2025\/10\/SITRASS10_Session_4_LOMBARD_Corridor_Dakar_Bamako.pdf\" target=\"_blank\" rel=\"noreferrer noopener\">J\u00e9r\u00f4me LOMBARD<\/a><\/strong> (UMR CNRS PRODIG), <em>Du S\u00e9n\u00e9gal au Mali : le corridor de transport Dakar-Bamako en plein essor<\/em><\/li>\n<\/ul>\n\n\n\n<hr class=\"wp-block-separator has-alpha-channel-opacity\"\/>\n\n\n\n<h3 class=\"wp-block-heading\">Session 5 : Transport et externalit\u00e9s : Surcharge du TRM et patrimoine routier<\/h3>\n\n\n\n<figure class=\"wp-block-image size-full\"><img loading=\"lazy\" decoding=\"async\" width=\"800\" height=\"309\" src=\"https:\/\/www.sitrass.org\/wp-content\/uploads\/2025\/10\/Photographie_SITRASS10_Session_5.jpg\" alt=\"\" class=\"wp-image-322\" srcset=\"https:\/\/www.sitrass.org\/wp-content\/uploads\/2025\/10\/Photographie_SITRASS10_Session_5.jpg 800w, https:\/\/www.sitrass.org\/wp-content\/uploads\/2025\/10\/Photographie_SITRASS10_Session_5-300x116.jpg 300w, https:\/\/www.sitrass.org\/wp-content\/uploads\/2025\/10\/Photographie_SITRASS10_Session_5-768x297.jpg 768w, https:\/\/www.sitrass.org\/wp-content\/uploads\/2025\/10\/Photographie_SITRASS10_Session_5-604x233.jpg 604w\" sizes=\"auto, (max-width: 800px) 100vw, 800px\" \/><\/figure>\n\n\n\n<h4 class=\"wp-block-heading\">Mod\u00e9rateur : Pierre-Yves P\u00c9GUY (LAET\/SITRASS)<\/h4>\n\n\n\n<p><strong><a href=\"https:\/\/www.sitrass.org\/wp-content\/uploads\/2025\/10\/SITRASS10_Session_5_PY_PEGUY_Surcharge_dans_le_TRM_en_Afrique_Ouest.pdf\" data-type=\"link\" data-id=\"https:\/\/www.sitrass.org\/wp-content\/uploads\/2025\/10\/SITRASS10_Session_5_PY_PEGUY_Surcharge_dans_le_TRM_en_Afrique_Ouest.pdf\" target=\"_blank\" rel=\"noreferrer noopener\">Pierre-Yves P\u00c9GUY<\/a><\/strong> (LAET \/ CNRS \u2013 SITRASS), <em>La surcharge du transport routier de marchandises en Afrique de l&rsquo;Ouest : mesure et \u00e9valuation des externalit\u00e9s<\/em><br><strong><a href=\"https:\/\/www.sitrass.org\/wp-content\/uploads\/2025\/10\/SITRASS10_Session_5_TOURE_DOSSOU_KOUASSI_Acquis_lutte_surcharge_UEMOA.pdf\" data-type=\"link\" data-id=\"https:\/\/www.sitrass.org\/wp-content\/uploads\/2025\/10\/SITRASS10_Session_5_TOURE_DOSSOU_KOUASSI_Acquis_lutte_surcharge_UEMOA.pdf\" target=\"_blank\" rel=\"noreferrer noopener\">Aboubakar Sidiki TOURE<\/a><\/strong>, <strong><a href=\"https:\/\/www.sitrass.org\/wp-content\/uploads\/2025\/10\/SITRASS10_Session_5_TOURE_DOSSOU_KOUASSI_Acquis_lutte_surcharge_UEMOA.pdf\" data-type=\"link\" data-id=\"https:\/\/www.sitrass.org\/wp-content\/uploads\/2025\/10\/SITRASS10_Session_5_TOURE_DOSSOU_KOUASSI_Acquis_lutte_surcharge_UEMOA.pdf\" target=\"_blank\" rel=\"noreferrer noopener\">Claude DOSSOU<\/a><\/strong>, <strong><a href=\"https:\/\/www.sitrass.org\/wp-content\/uploads\/2025\/10\/SITRASS10_Session_5_TOURE_DOSSOU_KOUASSI_Acquis_lutte_surcharge_UEMOA.pdf\" data-type=\"link\" data-id=\"https:\/\/www.sitrass.org\/wp-content\/uploads\/2025\/10\/SITRASS10_Session_5_TOURE_DOSSOU_KOUASSI_Acquis_lutte_surcharge_UEMOA.pdf\" target=\"_blank\" rel=\"noreferrer noopener\">Paulin KOUASSI<\/a><\/strong> (Dir. des infrastructures \u2013 Commission UEMOA), <em>Acquis et d\u00e9fis de la lutte contre la surcharge routi\u00e8re dans l\u2019espace UEMOA<\/em><br><strong><a href=\"https:\/\/www.sitrass.org\/wp-content\/uploads\/2025\/10\/SITRASS10_Session_5_SOUBANEH_SAID_ISMAEL_surcharge_des_camions_Djibouti.pdf\" data-type=\"link\" data-id=\"https:\/\/www.sitrass.org\/wp-content\/uploads\/2025\/10\/SITRASS10_Session_5_SOUBANEH_SAID_ISMAEL_surcharge_des_camions_Djibouti.pdf\" target=\"_blank\" rel=\"noreferrer noopener\">Soubaneh SAID ISMAEL<\/a><\/strong> (Agence Djiboutienne des Routes), <em>Analyse des effets de la surcharge des camions sur la RN1 de Djibouti : enjeux, d\u00e9fis et recommandations<\/em><\/p>\n\n\n\n<hr class=\"wp-block-separator has-alpha-channel-opacity\"\/>\n\n\n\n<h3 class=\"wp-block-heading\">Session 6 : Transport et externalit\u00e9s : Surcharge du TRM et patrimoine routier<\/h3>\n\n\n\n<h4 class=\"wp-block-heading\">Mod\u00e9rateur : Aboubakar Sidiki TOURE (UEMOA)<\/h4>\n\n\n\n<ul class=\"wp-block-list\">\n<li><strong><a href=\"https:\/\/www.sitrass.org\/wp-content\/uploads\/2025\/10\/SITRASS10_Session_6_KOUASSI_TOURE_Resilience_et_durabilite_des_routes.pdf\" data-type=\"link\" data-id=\"https:\/\/www.sitrass.org\/wp-content\/uploads\/2025\/10\/SITRASS10_Session_6_KOUASSI_TOURE_Resilience_et_durabilite_des_routes.pdf\" target=\"_blank\" rel=\"noreferrer noopener\">Paulin Maxime Yao KOUASSI<\/a><\/strong> (Comit\u00e9 National PIARC\/AGEPAR de la C\u00f4te d\u2019Ivoire), <strong><a href=\"https:\/\/www.sitrass.org\/wp-content\/uploads\/2025\/10\/SITRASS10_Session_6_KOUASSI_TOURE_Resilience_et_durabilite_des_routes.pdf\" data-type=\"link\" data-id=\"https:\/\/www.sitrass.org\/wp-content\/uploads\/2025\/10\/SITRASS10_Session_6_KOUASSI_TOURE_Resilience_et_durabilite_des_routes.pdf\" target=\"_blank\" rel=\"noreferrer noopener\">Aboubakar Sidiki TOURE<\/a><\/strong> (Dir. des infrastructures \u2013 Commission UEMOA), <em>Construire des infrastructures routi\u00e8res durables et r\u00e9silientes au sein de l&rsquo;UEMOA<\/em><\/li>\n\n\n\n<li><strong><a href=\"https:\/\/www.sitrass.org\/wp-content\/uploads\/2025\/10\/SITRASS10_Session_6_Komlan_ABASSAH_Corridor_Lome_Cinkasse_et_surcharge.pdf\" data-type=\"link\" data-id=\"https:\/\/www.sitrass.org\/wp-content\/uploads\/2025\/10\/SITRASS10_Session_6_Komlan_ABASSAH_Corridor_Lome_Cinkasse_et_surcharge.pdf\" target=\"_blank\" rel=\"noreferrer noopener\">Komlan ABASSAH<\/a><\/strong> (BETRA Conseils, Togo), <em>Enjeux et d\u00e9fis de la pr\u00e9servation et du d\u00e9veloppement du corridor Lom\u00e9 \u2013 Cinkass\u00e9 (CU9-TG01)<\/em><\/li>\n\n\n\n<li><strong><a href=\"https:\/\/www.sitrass.org\/wp-content\/uploads\/2025\/10\/SITRASS10_Session_6_KEITA_MINSTER_Gouvernance_du_secteur_routier_de_Djibouti.pdf\" data-type=\"link\" data-id=\"https:\/\/www.sitrass.org\/wp-content\/uploads\/2025\/10\/SITRASS10_Session_6_KEITA_MINSTER_Gouvernance_du_secteur_routier_de_Djibouti.pdf\" target=\"_blank\" rel=\"noreferrer noopener\">Basile KEITA<\/a><\/strong> (B2K \/ SITRASS), <strong><a href=\"https:\/\/www.sitrass.org\/wp-content\/uploads\/2025\/10\/SITRASS10_Session_6_KEITA_MINSTER_Gouvernance_du_secteur_routier_de_Djibouti.pdf\" data-type=\"link\" data-id=\"https:\/\/www.sitrass.org\/wp-content\/uploads\/2025\/10\/SITRASS10_Session_6_KEITA_MINSTER_Gouvernance_du_secteur_routier_de_Djibouti.pdf\" target=\"_blank\" rel=\"noreferrer noopener\">Clotilde V. MINSTER<\/a><\/strong> (Banque Mondiale), <em>Gouvernance du secteur routier de Djibouti : efficacit\u00e9 de la d\u00e9pense publique dans le secteur routier<\/em><\/li>\n<\/ul>\n\n\n\n<hr class=\"wp-block-separator has-alpha-channel-opacity\"\/>\n\n\n\n<h3 class=\"wp-block-heading\">Session 7 : Transports Urbains<\/h3>\n\n\n\n<figure class=\"wp-block-image size-full\"><img loading=\"lazy\" decoding=\"async\" width=\"800\" height=\"462\" src=\"https:\/\/www.sitrass.org\/wp-content\/uploads\/2025\/10\/Photographie_SITRASS10_Session_7.jpg\" alt=\"\" class=\"wp-image-338\" srcset=\"https:\/\/www.sitrass.org\/wp-content\/uploads\/2025\/10\/Photographie_SITRASS10_Session_7.jpg 800w, https:\/\/www.sitrass.org\/wp-content\/uploads\/2025\/10\/Photographie_SITRASS10_Session_7-300x173.jpg 300w, https:\/\/www.sitrass.org\/wp-content\/uploads\/2025\/10\/Photographie_SITRASS10_Session_7-768x444.jpg 768w, https:\/\/www.sitrass.org\/wp-content\/uploads\/2025\/10\/Photographie_SITRASS10_Session_7-468x270.jpg 468w\" sizes=\"auto, (max-width: 800px) 100vw, 800px\" \/><\/figure>\n\n\n\n<h4 class=\"wp-block-heading\">Pr\u00e9sidence : Michel Komlan TINDANO (Minist\u00e8re des transports du Togo)<\/h4>\n\n\n\n<ul class=\"wp-block-list\">\n<li><strong><a href=\"https:\/\/www.sitrass.org\/wp-content\/uploads\/2025\/10\/SITRASS10_Session_7_CAMARA_MONTEIRO_Covid_et_transport_urbain.pdf\" data-type=\"link\" data-id=\"https:\/\/www.sitrass.org\/wp-content\/uploads\/2025\/10\/SITRASS10_Session_7_CAMARA_MONTEIRO_Covid_et_transport_urbain.pdf\" target=\"_blank\" rel=\"noreferrer noopener\">Mame Marie CAMARA MONTEIRO<\/a><\/strong> (Dir. de l\u2019Am\u00e9nagement du Territoire au D\u00e9partement de l\u2019Am\u00e9nagement du Territoire Communautaire et des Transports (DATC) &#8211; Commission UEMOA), <em>L\u2019impact de la COVID 19 sur le transport urbain dans l\u2019espace UEMOA et perspectives d\u2019am\u00e9nagement et de d\u00e9veloppement du secteur d\u2019apr\u00e8s-crise : analyse comparative de deux capitales : Ouagadougou (Burkina Faso) et Dakar (S\u00e9n\u00e9gal)<\/em><\/li>\n\n\n\n<li><strong><a href=\"https:\/\/www.sitrass.org\/wp-content\/uploads\/2025\/10\/SITRASS10_Session_7_PATIER_Logistique_du_dernier_km.pdf\" data-type=\"link\" data-id=\"https:\/\/www.sitrass.org\/wp-content\/uploads\/2025\/10\/SITRASS10_Session_7_PATIER_Logistique_du_dernier_km.pdf\" target=\"_blank\" rel=\"noreferrer noopener\">Dani\u00e8le PATIER<\/a><\/strong> (LAET \/ CNRS &#8211; SITRASS), <em>Comment \u00e9tudier et maitriser la logique du dernier km dans les villes africaines<\/em><\/li>\n\n\n\n<li><strong><a href=\"https:\/\/www.sitrass.org\/wp-content\/uploads\/2025\/10\/SITRASS10_Session_7_DIAOU_DIENE_VIMENYO_reforme_transport_artisanal_et_qualite_de_service.pdf\" data-type=\"link\" data-id=\"https:\/\/www.sitrass.org\/wp-content\/uploads\/2025\/10\/SITRASS10_Session_7_DIAOU_DIENE_VIMENYO_reforme_transport_artisanal_et_qualite_de_service.pdf\" target=\"_blank\" rel=\"noreferrer noopener\">Mbaye DIENE<\/a><\/strong> (Universit\u00e9 Cheikh Anta Diop (UCAD) \u2013 Dakar), <strong><a href=\"https:\/\/www.sitrass.org\/wp-content\/uploads\/2025\/10\/SITRASS10_Session_7_DIAOU_DIENE_VIMENYO_reforme_transport_artisanal_et_qualite_de_service.pdf\" target=\"_blank\" rel=\"noreferrer noopener\">Ibrahima DIAOU<\/a><\/strong> (Centre d&rsquo;Excellence R\u00e9gional sur les Villes Durables en Afrique (CERViDA-DOUNEDON), <strong><a href=\"https:\/\/www.sitrass.org\/wp-content\/uploads\/2025\/10\/SITRASS10_Session_7_DIAOU_DIENE_VIMENYO_reforme_transport_artisanal_et_qualite_de_service.pdf\" data-type=\"link\" data-id=\"https:\/\/www.sitrass.org\/wp-content\/uploads\/2025\/10\/SITRASS10_Session_7_DIAOU_DIENE_VIMENYO_reforme_transport_artisanal_et_qualite_de_service.pdf\" target=\"_blank\" rel=\"noreferrer noopener\">Messan VIMENYO<\/a> <\/strong>(Universit\u00e9 de Lom\u00e9), <em>R\u00e9forme du transport collectif artisanal (TCA) et qualit\u00e9 de services dans les villes d\u2019Afrique de l\u2019Ouest : le cas des minibus \u00e0 Dakar, Bamako et Conakry<\/em><\/li>\n<\/ul>\n\n\n\n<hr class=\"wp-block-separator has-alpha-channel-opacity\"\/>\n\n\n\n<h3 class=\"wp-block-heading\">Session 8 : Transports, r\u00e8glementation et innovations institutionnelles<\/h3>\n\n\n\n<figure class=\"wp-block-image size-full\"><img loading=\"lazy\" decoding=\"async\" width=\"800\" height=\"373\" src=\"https:\/\/www.sitrass.org\/wp-content\/uploads\/2025\/10\/Photographie_SITRASS10_Session_8.jpg\" alt=\"\" class=\"wp-image-347\" srcset=\"https:\/\/www.sitrass.org\/wp-content\/uploads\/2025\/10\/Photographie_SITRASS10_Session_8.jpg 800w, https:\/\/www.sitrass.org\/wp-content\/uploads\/2025\/10\/Photographie_SITRASS10_Session_8-300x140.jpg 300w, https:\/\/www.sitrass.org\/wp-content\/uploads\/2025\/10\/Photographie_SITRASS10_Session_8-768x358.jpg 768w, https:\/\/www.sitrass.org\/wp-content\/uploads\/2025\/10\/Photographie_SITRASS10_Session_8-579x270.jpg 579w\" sizes=\"auto, (max-width: 800px) 100vw, 800px\" \/><\/figure>\n\n\n\n<h4 class=\"wp-block-heading\">Mod\u00e9rateur : Alain BONNAFOUS (LAET\/SITRASS)<\/h4>\n\n\n\n<ul class=\"wp-block-list\">\n<li><strong><a href=\"https:\/\/www.sitrass.org\/wp-content\/uploads\/2025\/10\/SITRASS10_Session_8_HARTMANN_ACRI_Guide_reforme_secteur_TR.pdf\" data-type=\"link\" data-id=\"https:\/\/www.sitrass.org\/wp-content\/uploads\/2025\/10\/SITRASS10_Session_8_HARTMANN_ACRI_Guide_reforme_secteur_TR.pdf\" target=\"_blank\" rel=\"noreferrer noopener\">Olivier HARTMANN<\/a><\/strong> (Banque Mondiale), <strong><a href=\"https:\/\/www.sitrass.org\/wp-content\/uploads\/2025\/10\/SITRASS10_Session_8_HARTMANN_ACRI_Guide_reforme_secteur_TR.pdf\" data-type=\"link\" data-id=\"https:\/\/www.sitrass.org\/wp-content\/uploads\/2025\/10\/SITRASS10_Session_8_HARTMANN_ACRI_Guide_reforme_secteur_TR.pdf\" target=\"_blank\" rel=\"noreferrer noopener\">Jean ACRI<\/a><\/strong> (Union internationale des Transports Routiers), <em>Pr\u00e9sentation des composantes essentielles de la mise \u00e0 jour du Guide de la r\u00e9forme du secteur des transports routiers pour les d\u00e9cideurs et les praticiens<\/em><\/li>\n\n\n\n<li><strong><a href=\"https:\/\/www.sitrass.org\/wp-content\/uploads\/2025\/10\/SITRASS10_Session_8_DERMANE_Les_reformes_dans_le_sous_secteur_des_TR.pdf\" data-type=\"link\" data-id=\"https:\/\/www.sitrass.org\/wp-content\/uploads\/2025\/10\/SITRASS10_Session_8_DERMANE_Les_reformes_dans_le_sous_secteur_des_TR.pdf\" target=\"_blank\" rel=\"noreferrer noopener\">Tadjudini DERMANE<\/a><\/strong> (Minist\u00e8re des transports du Togo), <em>Dynamique des r\u00e9formes dans le sous-secteur des transports routiers du Togo<\/em><\/li>\n\n\n\n<li><a href=\"https:\/\/www.sitrass.org\/wp-content\/uploads\/2025\/10\/SITRASS10_Session_8_DIAWARA_MAKAN_KEITA_Transformation_des_PL_UEMOA.pdf\" data-type=\"link\" data-id=\"https:\/\/www.sitrass.org\/wp-content\/uploads\/2025\/10\/SITRASS10_Session_8_DIAWARA_MAKAN_KEITA_Transformation_des_PL_UEMOA.pdf\" target=\"_blank\" rel=\"noreferrer noopener\"><strong>Mamadou DIAWARA<\/strong>, <strong>Abdoulaye MAKAN KEITA<\/strong><\/a>, <strong>Lassana NIARE<\/strong> (Entrep\u00f4ts Maliens au S\u00e9n\u00e9gal (EMASE)), <em>Probl\u00e9matique de la transformation non conforme des poids lourds dans l\u2019espace UEMOA : entre enjeux \u00e9conomiques et risques op\u00e9rationnels<\/em><\/li>\n\n\n\n<li><strong><a href=\"https:\/\/www.sitrass.org\/wp-content\/uploads\/2025\/10\/SITRASS10_Session_8_BONNAFOUS_Les_PPP.pdf\" data-type=\"link\" data-id=\"https:\/\/www.sitrass.org\/wp-content\/uploads\/2025\/10\/SITRASS10_Session_8_BONNAFOUS_Les_PPP.pdf\" target=\"_blank\" rel=\"noreferrer noopener\">Alain BONNAFOUS<\/a><\/strong> (LAET\/ CNRS &#8211; SITRASS), <em>Les partenariats publics-priv\u00e9s en Afrique Subsaharienne : y-at-il un retard \u00e0 rattraper dans les transports ?<\/em><\/li>\n\n\n\n<li><strong><a href=\"https:\/\/www.sitrass.org\/wp-content\/uploads\/2025\/10\/SITRASS10_Session_8_KOUASSI_PPP_dans_le_secteur_des_infra_en_CI.pdf\" data-type=\"link\" data-id=\"https:\/\/www.sitrass.org\/wp-content\/uploads\/2025\/10\/SITRASS10_Session_8_KOUASSI_PPP_dans_le_secteur_des_infra_en_CI.pdf\" target=\"_blank\" rel=\"noreferrer noopener\">Paulin Maxime Yao KOUASSI<\/a><\/strong> (Comit\u00e9 National PIARC\/AGEPAR \u2013 C\u00f4te d\u2019Ivoire), <em>Partenariats public priv\u00e9 dans le secteur des infrastructures routi\u00e8res en Afrique : exp\u00e9riences de la C\u00f4te d\u2019Ivoire des 20 derni\u00e8res ann\u00e9es<\/em><\/li>\n<\/ul>\n\n\n\n<hr class=\"wp-block-separator has-alpha-channel-opacity\"\/>\n\n\n\n<h3 class=\"wp-block-heading\">Session 9 : Transports, d\u00e9veloppement et externalit\u00e9s<\/h3>\n\n\n\n<h4 class=\"wp-block-heading\">Mod\u00e9rateur : Basile KEITA (SITRASS)<\/h4>\n\n\n\n<ul class=\"wp-block-list\">\n<li><strong><a href=\"https:\/\/www.sitrass.org\/wp-content\/uploads\/2025\/10\/SITRASS10_Session_9_DJOLAR_Transports_et_developpement_au_Togo.pdf\" data-type=\"link\" data-id=\"https:\/\/www.sitrass.org\/wp-content\/uploads\/2025\/10\/SITRASS10_Session_9_DJOLAR_Transports_et_developpement_au_Togo.pdf\" target=\"_blank\" rel=\"noreferrer noopener\">Kossigari DJOLAR<\/a><\/strong> (Universit\u00e9 Paris 1 Panth\u00e9on-Sorbonne), <em>Transport et d\u00e9veloppement au Togo en contexte n\u00e9olib\u00e9ral : les mutations territoriales en question<\/em><\/li>\n\n\n\n<li><strong><a href=\"https:\/\/www.sitrass.org\/wp-content\/uploads\/2025\/10\/SITRASS10_Session_9_Dieudonne_MBOUKOU_MBOUNGOU_Politiques_des_transports_au_congo_Brazzaville.pdf\" data-type=\"link\" data-id=\"https:\/\/www.sitrass.org\/wp-content\/uploads\/2025\/10\/SITRASS10_Session_9_Dieudonne_MBOUKOU_MBOUNGOU_Politiques_des_transports_au_congo_Brazzaville.pdf\" target=\"_blank\" rel=\"noreferrer noopener\">Dieudonn\u00e9 MBOUKOU MBOUNGOU<\/a><\/strong> (ACRETAT, Congo), <em>Politiques des Transports au Congo Brazzaville : Enseignements et r\u00e9flexions<\/em><\/li>\n\n\n\n<li><strong><a href=\"https:\/\/www.sitrass.org\/wp-content\/uploads\/2025\/10\/SITRASS10_Session_9_NGUESSAN_Presentation_PACOGA.pdf\" data-type=\"link\" data-id=\"https:\/\/www.sitrass.org\/wp-content\/uploads\/2025\/10\/SITRASS10_Session_9_NGUESSAN_Presentation_PACOGA.pdf\" target=\"_blank\" rel=\"noreferrer noopener\">Tozan Michel N&rsquo;GUESSAN BI<\/a><\/strong> (MS-TAU \/ INP-HB). <em>Le Projet d\u2019Int\u00e9gration Port-Ville du Grand Abidjan<\/em><\/li>\n\n\n\n<li><strong><a href=\"https:\/\/www.sitrass.org\/wp-content\/uploads\/2025\/10\/SITRASS10_Session_9_ROBINEAU_CPCS_E_Mobility.pdf\" data-type=\"link\" data-id=\"https:\/\/www.sitrass.org\/wp-content\/uploads\/2025\/10\/SITRASS10_Session_9_ROBINEAU_CPCS_E_Mobility.pdf\" target=\"_blank\" rel=\"noreferrer noopener\">Valentin ROBINEAU<\/a><\/strong> (CPCS), <em>L&rsquo;essor r\u00e9cent de la mobilit\u00e9 \u00e9lectrique en Afrique : Adapter les programmes de transport pour un avenir durable<\/em><\/li>\n\n\n\n<li><strong><a href=\"https:\/\/www.sitrass.org\/wp-content\/uploads\/2025\/10\/SITRASS10_Session_9_DIAOU_DIENE_VIMENYO-Mobilite_urbaine_durable_Minibus.pdf\" data-type=\"link\" data-id=\"https:\/\/www.sitrass.org\/wp-content\/uploads\/2025\/10\/SITRASS10_Session_9_DIAOU_DIENE_VIMENYO-Mobilite_urbaine_durable_Minibus.pdf\" target=\"_blank\" rel=\"noreferrer noopener\">Mbaye DIENE<\/a><\/strong> (Universit\u00e9 Cheikh Anta Diop (UCAD) \u2013 Dakar), <strong><a href=\"https:\/\/www.sitrass.org\/wp-content\/uploads\/2025\/10\/SITRASS10_Session_9_DIAOU_DIENE_VIMENYO-Mobilite_urbaine_durable_Minibus.pdf\" data-type=\"link\" data-id=\"https:\/\/www.sitrass.org\/wp-content\/uploads\/2025\/10\/SITRASS10_Session_9_DIAOU_DIENE_VIMENYO-Mobilite_urbaine_durable_Minibus.pdf\" target=\"_blank\" rel=\"noreferrer noopener\">Ibrahima DIAOU<\/a><\/strong> (Centre d&rsquo;Excellence R\u00e9gional sur les Villes Durable en Afrique (CERViDA-DOUNEDON), <strong><a href=\"https:\/\/www.sitrass.org\/wp-content\/uploads\/2025\/10\/SITRASS10_Session_9_DIAOU_DIENE_VIMENYO-Mobilite_urbaine_durable_Minibus.pdf\" data-type=\"link\" data-id=\"https:\/\/www.sitrass.org\/wp-content\/uploads\/2025\/10\/SITRASS10_Session_9_DIAOU_DIENE_VIMENYO-Mobilite_urbaine_durable_Minibus.pdf\" target=\"_blank\" rel=\"noreferrer noopener\">Messan VIMENYO<\/a><\/strong> (Universit\u00e9 de Lom\u00e9), <em>Contribution \u00e0 la mobilit\u00e9 urbaine durable en Afrique de l\u2019Ouest : le cas des minibus de Dakar, Bamako et Conakry<\/em><\/li>\n<\/ul>\n\n\n\n<hr class=\"wp-block-separator has-alpha-channel-opacity\"\/>\n\n\n\n<h3 class=\"wp-block-heading\">Session 10 : Questions vives du transport ferroviaire et du transport a\u00e9rien en Afrique<\/h3>\n\n\n\n<h4 class=\"wp-block-heading\">Mod\u00e9rateur : Michel Komlan TINDANO (Minist\u00e8re des transports du Togo)<\/h4>\n\n\n\n<ul class=\"wp-block-list\">\n<li><strong><a href=\"https:\/\/www.sitrass.org\/wp-content\/uploads\/2025\/10\/SITRASS10_Session_10_Antoniazzi_le_Transport_ferroviaire_en_Afrique.pdf\" data-type=\"link\" data-id=\"https:\/\/www.sitrass.org\/wp-content\/uploads\/2025\/10\/SITRASS10_Session_10_Antoniazzi_le_Transport_ferroviaire_en_Afrique.pdf\" target=\"_blank\" rel=\"noreferrer noopener\">Federico ANTONIAZZI<\/a><\/strong> (ENPC), <em>Le transport ferroviaire en Afrique : acteurs, contrats et \u00e9valuation<\/em><\/li>\n\n\n\n<li><strong><a href=\"https:\/\/www.sitrass.org\/wp-content\/uploads\/2025\/10\/SITRASS10_Session_10_Credo_POCANAM_transport_ferroviaire_et_decarbonation.pdf\" data-type=\"link\" data-id=\"https:\/\/www.sitrass.org\/wp-content\/uploads\/2025\/10\/SITRASS10_Session_10_Credo_POCANAM_transport_ferroviaire_et_decarbonation.pdf\" target=\"_blank\" rel=\"noreferrer noopener\">Cr\u00e9do POCANAM<\/a><\/strong> (ENPC), <em>\u00c9lectrification des futures lignes de transport ferroviaire et urbain en Afrique : quel choix technologique entre traction \u00e9lectrique, bi-mode ou thermique ?<\/em><\/li>\n\n\n\n<li><strong><a href=\"https:\/\/www.sitrass.org\/wp-content\/uploads\/2025\/10\/SITRASS10_Session_10_MEDEZI_Magnim_Marche_unique_du_transport_aerien_en_Afrique.pdf\" data-type=\"link\" data-id=\"https:\/\/www.sitrass.org\/wp-content\/uploads\/2025\/10\/SITRASS10_Session_10_MEDEZI_Magnim_Marche_unique_du_transport_aerien_en_Afrique.pdf\" target=\"_blank\" rel=\"noreferrer noopener\">Magnim MEDEZI<\/a><\/strong> (Minist\u00e8re des transports du Togo), <em>Le march\u00e9 unique du transport a\u00e9rien en Afrique (MUTAA), enjeux et vulgarisation au grand public<\/em><\/li>\n<\/ul>\n\n\n\n<hr class=\"wp-block-separator has-alpha-channel-opacity\"\/>\n\n\n\n<h3 class=\"wp-block-heading\">Session 11 : Questions vives de la s\u00e9curit\u00e9 routi\u00e8re<\/h3>\n\n\n\n<h4 class=\"wp-block-heading\">Mod\u00e9rateur : Innocent Mawutoe FATONZOUN (SITRASS)<\/h4>\n\n\n\n<ul class=\"wp-block-list\">\n<li><strong><a href=\"https:\/\/www.sitrass.org\/wp-content\/uploads\/2025\/10\/SITRASS10_Session_11_Maidadi_SAHABANA_CPCS_Securite_routiere.pdf\" data-type=\"link\" data-id=\"https:\/\/www.sitrass.org\/wp-content\/uploads\/2025\/10\/SITRASS10_Session_11_Maidadi_SAHABANA_CPCS_Securite_routiere.pdf\" target=\"_blank\" rel=\"noreferrer noopener\">Maidadi SAHABANA<\/a><\/strong> (CPCS), <em>La s\u00e9curit\u00e9 routi\u00e8re en Afrique : enseignements et actions d\u2019am\u00e9lioration. Les victimes des transports en commun, l&rsquo;affaire de tous ?<\/em><\/li>\n\n\n\n<li><strong><a href=\"https:\/\/www.sitrass.org\/wp-content\/uploads\/2025\/10\/SITRASS10_Session_11_MARTIAL_MISSIMIKIM_La_securite_routiere_au_Cameroun.pdf\" data-type=\"link\" data-id=\"https:\/\/www.sitrass.org\/wp-content\/uploads\/2025\/10\/SITRASS10_Session_11_MARTIAL_MISSIMIKIM_La_securite_routiere_au_Cameroun.pdf\" target=\"_blank\" rel=\"noreferrer noopener\">Martial Manfred MISSIMIKIM<\/a><\/strong>, <em>La s\u00e9curit\u00e9 Routi\u00e8re au Cameroun<\/em><\/li>\n<\/ul>\n\n\n\n<div style=\"height:30px\" aria-hidden=\"true\" class=\"wp-block-spacer\"><\/div>\n\n\n\n<hr class=\"wp-block-separator has-alpha-channel-opacity\"\/>\n\n\n\n<h3 class=\"wp-block-heading\">Soir\u00e9e de gala SITRASS<\/h3>\n\n\n\n<p>[<strong><a href=\"https:\/\/www.sitrass.org\/wp-content\/uploads\/2026\/02\/SITRASS_10_SOIREE_DE_GALA.pdf\" data-type=\"link\" data-id=\"https:\/\/www.sitrass.org\/wp-content\/uploads\/2026\/02\/SITRASS_10_SOIREE_DE_GALA.pdf\" target=\"_blank\" rel=\"noreferrer noopener\">Photographies prises lors de la soir\u00e9e de gala<\/a><\/strong>]<\/p>\n\n\n\n<figure class=\"wp-block-gallery has-nested-images columns-2 is-cropped wp-block-gallery-1 is-layout-flex wp-block-gallery-is-layout-flex\">\n<figure class=\"wp-block-image size-full is-style-default\"><img loading=\"lazy\" decoding=\"async\" width=\"600\" height=\"450\" data-id=\"379\" src=\"https:\/\/www.sitrass.org\/wp-content\/uploads\/2026\/02\/PHOTOGRAPHIE_1_SITRASS_10_SOIREE_DE_GALA.jpg\" alt=\"\" class=\"wp-image-379\" srcset=\"https:\/\/www.sitrass.org\/wp-content\/uploads\/2026\/02\/PHOTOGRAPHIE_1_SITRASS_10_SOIREE_DE_GALA.jpg 600w, https:\/\/www.sitrass.org\/wp-content\/uploads\/2026\/02\/PHOTOGRAPHIE_1_SITRASS_10_SOIREE_DE_GALA-300x225.jpg 300w, https:\/\/www.sitrass.org\/wp-content\/uploads\/2026\/02\/PHOTOGRAPHIE_1_SITRASS_10_SOIREE_DE_GALA-360x270.jpg 360w\" sizes=\"auto, (max-width: 600px) 100vw, 600px\" \/><\/figure>\n\n\n\n<figure class=\"wp-block-image size-full\"><img loading=\"lazy\" decoding=\"async\" width=\"600\" height=\"450\" data-id=\"378\" src=\"https:\/\/www.sitrass.org\/wp-content\/uploads\/2026\/02\/PHOTOGRAPHIE_2_SITRASS_10_SOIREE_DE_GALA.jpg\" alt=\"\" class=\"wp-image-378\" srcset=\"https:\/\/www.sitrass.org\/wp-content\/uploads\/2026\/02\/PHOTOGRAPHIE_2_SITRASS_10_SOIREE_DE_GALA.jpg 600w, https:\/\/www.sitrass.org\/wp-content\/uploads\/2026\/02\/PHOTOGRAPHIE_2_SITRASS_10_SOIREE_DE_GALA-300x225.jpg 300w, https:\/\/www.sitrass.org\/wp-content\/uploads\/2026\/02\/PHOTOGRAPHIE_2_SITRASS_10_SOIREE_DE_GALA-360x270.jpg 360w\" sizes=\"auto, (max-width: 600px) 100vw, 600px\" \/><\/figure>\n\n\n\n<figure class=\"wp-block-image size-full\"><img loading=\"lazy\" decoding=\"async\" width=\"600\" height=\"450\" data-id=\"380\" src=\"https:\/\/www.sitrass.org\/wp-content\/uploads\/2026\/02\/PHOTOGRAPHIE_3_SITRASS_10_SOIREE_DE_GALA.jpg\" alt=\"\" class=\"wp-image-380\" srcset=\"https:\/\/www.sitrass.org\/wp-content\/uploads\/2026\/02\/PHOTOGRAPHIE_3_SITRASS_10_SOIREE_DE_GALA.jpg 600w, https:\/\/www.sitrass.org\/wp-content\/uploads\/2026\/02\/PHOTOGRAPHIE_3_SITRASS_10_SOIREE_DE_GALA-300x225.jpg 300w, https:\/\/www.sitrass.org\/wp-content\/uploads\/2026\/02\/PHOTOGRAPHIE_3_SITRASS_10_SOIREE_DE_GALA-360x270.jpg 360w\" sizes=\"auto, (max-width: 600px) 100vw, 600px\" \/><\/figure>\n\n\n\n<figure class=\"wp-block-image size-full\"><img loading=\"lazy\" decoding=\"async\" width=\"600\" height=\"450\" data-id=\"382\" src=\"https:\/\/www.sitrass.org\/wp-content\/uploads\/2026\/02\/PHOTOGRAPHIE_5_SITRASS_10_SOIREE_DE_GALA.jpg\" alt=\"\" class=\"wp-image-382\" srcset=\"https:\/\/www.sitrass.org\/wp-content\/uploads\/2026\/02\/PHOTOGRAPHIE_5_SITRASS_10_SOIREE_DE_GALA.jpg 600w, https:\/\/www.sitrass.org\/wp-content\/uploads\/2026\/02\/PHOTOGRAPHIE_5_SITRASS_10_SOIREE_DE_GALA-300x225.jpg 300w, https:\/\/www.sitrass.org\/wp-content\/uploads\/2026\/02\/PHOTOGRAPHIE_5_SITRASS_10_SOIREE_DE_GALA-360x270.jpg 360w\" sizes=\"auto, (max-width: 600px) 100vw, 600px\" \/><\/figure>\n\n\n\n<figure class=\"wp-block-image size-full\"><img loading=\"lazy\" decoding=\"async\" width=\"600\" height=\"450\" data-id=\"381\" src=\"https:\/\/www.sitrass.org\/wp-content\/uploads\/2026\/02\/PHOTOGRAPHIE_6_SITRASS_10_SOIREE_DE_GALA.jpg\" alt=\"\" class=\"wp-image-381\" srcset=\"https:\/\/www.sitrass.org\/wp-content\/uploads\/2026\/02\/PHOTOGRAPHIE_6_SITRASS_10_SOIREE_DE_GALA.jpg 600w, https:\/\/www.sitrass.org\/wp-content\/uploads\/2026\/02\/PHOTOGRAPHIE_6_SITRASS_10_SOIREE_DE_GALA-300x225.jpg 300w, https:\/\/www.sitrass.org\/wp-content\/uploads\/2026\/02\/PHOTOGRAPHIE_6_SITRASS_10_SOIREE_DE_GALA-360x270.jpg 360w\" sizes=\"auto, (max-width: 600px) 100vw, 600px\" \/><\/figure>\n\n\n\n<figure class=\"wp-block-image size-full\"><img loading=\"lazy\" decoding=\"async\" width=\"600\" height=\"450\" data-id=\"383\" src=\"https:\/\/www.sitrass.org\/wp-content\/uploads\/2026\/02\/PHOTOGRAPHIE_14_SITRASS_10_SOIREE_DE_GALA.jpg\" alt=\"\" class=\"wp-image-383\" srcset=\"https:\/\/www.sitrass.org\/wp-content\/uploads\/2026\/02\/PHOTOGRAPHIE_14_SITRASS_10_SOIREE_DE_GALA.jpg 600w, https:\/\/www.sitrass.org\/wp-content\/uploads\/2026\/02\/PHOTOGRAPHIE_14_SITRASS_10_SOIREE_DE_GALA-300x225.jpg 300w, https:\/\/www.sitrass.org\/wp-content\/uploads\/2026\/02\/PHOTOGRAPHIE_14_SITRASS_10_SOIREE_DE_GALA-360x270.jpg 360w\" sizes=\"auto, (max-width: 600px) 100vw, 600px\" \/><\/figure>\n\n\n\n<figure class=\"wp-block-image size-full\"><img loading=\"lazy\" decoding=\"async\" width=\"600\" height=\"450\" data-id=\"384\" src=\"https:\/\/www.sitrass.org\/wp-content\/uploads\/2026\/02\/PHOTOGRAPHIE_13_SITRASS_10_SOIREE_DE_GALA.jpg\" alt=\"\" class=\"wp-image-384\" srcset=\"https:\/\/www.sitrass.org\/wp-content\/uploads\/2026\/02\/PHOTOGRAPHIE_13_SITRASS_10_SOIREE_DE_GALA.jpg 600w, https:\/\/www.sitrass.org\/wp-content\/uploads\/2026\/02\/PHOTOGRAPHIE_13_SITRASS_10_SOIREE_DE_GALA-300x225.jpg 300w, https:\/\/www.sitrass.org\/wp-content\/uploads\/2026\/02\/PHOTOGRAPHIE_13_SITRASS_10_SOIREE_DE_GALA-360x270.jpg 360w\" sizes=\"auto, (max-width: 600px) 100vw, 600px\" \/><\/figure>\n\n\n\n<figure class=\"wp-block-image size-full\"><img loading=\"lazy\" decoding=\"async\" width=\"600\" height=\"450\" data-id=\"385\" src=\"https:\/\/www.sitrass.org\/wp-content\/uploads\/2026\/02\/PHOTOGRAPHIE_17_SITRASS_10_SOIREE_DE_GALA.jpg\" alt=\"\" class=\"wp-image-385\" srcset=\"https:\/\/www.sitrass.org\/wp-content\/uploads\/2026\/02\/PHOTOGRAPHIE_17_SITRASS_10_SOIREE_DE_GALA.jpg 600w, https:\/\/www.sitrass.org\/wp-content\/uploads\/2026\/02\/PHOTOGRAPHIE_17_SITRASS_10_SOIREE_DE_GALA-300x225.jpg 300w, https:\/\/www.sitrass.org\/wp-content\/uploads\/2026\/02\/PHOTOGRAPHIE_17_SITRASS_10_SOIREE_DE_GALA-360x270.jpg 360w\" sizes=\"auto, (max-width: 600px) 100vw, 600px\" \/><\/figure>\n\n\n\n<figure class=\"wp-block-image size-full\"><img loading=\"lazy\" decoding=\"async\" width=\"600\" height=\"450\" data-id=\"386\" src=\"https:\/\/www.sitrass.org\/wp-content\/uploads\/2026\/02\/PHOTOGRAPHIE_18_SITRASS_10_SOIREE_DE_GALA.jpg\" alt=\"\" class=\"wp-image-386\" srcset=\"https:\/\/www.sitrass.org\/wp-content\/uploads\/2026\/02\/PHOTOGRAPHIE_18_SITRASS_10_SOIREE_DE_GALA.jpg 600w, https:\/\/www.sitrass.org\/wp-content\/uploads\/2026\/02\/PHOTOGRAPHIE_18_SITRASS_10_SOIREE_DE_GALA-300x225.jpg 300w, https:\/\/www.sitrass.org\/wp-content\/uploads\/2026\/02\/PHOTOGRAPHIE_18_SITRASS_10_SOIREE_DE_GALA-360x270.jpg 360w\" sizes=\"auto, (max-width: 600px) 100vw, 600px\" \/><\/figure>\n\n\n\n<figure class=\"wp-block-image size-full\"><img loading=\"lazy\" decoding=\"async\" width=\"600\" height=\"450\" data-id=\"387\" src=\"https:\/\/www.sitrass.org\/wp-content\/uploads\/2026\/02\/PHOTOGRAPHIE_19_SITRASS_10_SOIREE_DE_GALA.jpg\" alt=\"\" class=\"wp-image-387\" srcset=\"https:\/\/www.sitrass.org\/wp-content\/uploads\/2026\/02\/PHOTOGRAPHIE_19_SITRASS_10_SOIREE_DE_GALA.jpg 600w, https:\/\/www.sitrass.org\/wp-content\/uploads\/2026\/02\/PHOTOGRAPHIE_19_SITRASS_10_SOIREE_DE_GALA-300x225.jpg 300w, https:\/\/www.sitrass.org\/wp-content\/uploads\/2026\/02\/PHOTOGRAPHIE_19_SITRASS_10_SOIREE_DE_GALA-360x270.jpg 360w\" sizes=\"auto, (max-width: 600px) 100vw, 600px\" \/><\/figure>\n\n\n\n<figure class=\"wp-block-image size-full\"><img loading=\"lazy\" decoding=\"async\" width=\"600\" height=\"450\" data-id=\"388\" src=\"https:\/\/www.sitrass.org\/wp-content\/uploads\/2026\/02\/PHOTOGRAPHIE_15_SITRASS_10_SOIREE_DE_GALA.jpg\" alt=\"\" class=\"wp-image-388\" srcset=\"https:\/\/www.sitrass.org\/wp-content\/uploads\/2026\/02\/PHOTOGRAPHIE_15_SITRASS_10_SOIREE_DE_GALA.jpg 600w, https:\/\/www.sitrass.org\/wp-content\/uploads\/2026\/02\/PHOTOGRAPHIE_15_SITRASS_10_SOIREE_DE_GALA-300x225.jpg 300w, https:\/\/www.sitrass.org\/wp-content\/uploads\/2026\/02\/PHOTOGRAPHIE_15_SITRASS_10_SOIREE_DE_GALA-360x270.jpg 360w\" sizes=\"auto, (max-width: 600px) 100vw, 600px\" \/><\/figure>\n\n\n\n<figure class=\"wp-block-image size-full\"><img loading=\"lazy\" decoding=\"async\" width=\"600\" height=\"450\" data-id=\"389\" src=\"https:\/\/www.sitrass.org\/wp-content\/uploads\/2026\/02\/PHOTOGRAPHIE_16_SITRASS_10_SOIREE_DE_GALA.jpg\" alt=\"\" class=\"wp-image-389\" srcset=\"https:\/\/www.sitrass.org\/wp-content\/uploads\/2026\/02\/PHOTOGRAPHIE_16_SITRASS_10_SOIREE_DE_GALA.jpg 600w, https:\/\/www.sitrass.org\/wp-content\/uploads\/2026\/02\/PHOTOGRAPHIE_16_SITRASS_10_SOIREE_DE_GALA-300x225.jpg 300w, https:\/\/www.sitrass.org\/wp-content\/uploads\/2026\/02\/PHOTOGRAPHIE_16_SITRASS_10_SOIREE_DE_GALA-360x270.jpg 360w\" sizes=\"auto, (max-width: 600px) 100vw, 600px\" \/><\/figure>\n<\/figure>\n\n\n\n<hr class=\"wp-block-separator has-alpha-channel-opacity\"\/>\n\n\n\n<h3 class=\"wp-block-heading\">Soir\u00e9e de gala offerte par le Minist\u00e8re des Transports du Togo<\/h3>\n\n\n\n<p class=\"has-medium-font-size\">[<strong><a href=\"https:\/\/www.sitrass.org\/wp-content\/uploads\/2026\/02\/SITRASS_10_SOIREE_DE_GALA_OFFERTE_PAR_LE_MINISTERE_DES_TRANSPORTS_DU_TOGO.pdf\" data-type=\"link\" data-id=\"https:\/\/www.sitrass.org\/wp-content\/uploads\/2026\/02\/SITRASS_10_SOIREE_DE_GALA.pdf\" target=\"_blank\" rel=\"noreferrer noopener\">Photographies prises lors de la soir\u00e9e de gala<\/a><\/strong>]<\/p>\n\n\n\n<div style=\"height:10px\" aria-hidden=\"true\" class=\"wp-block-spacer\"><\/div>\n\n\n\n<hr class=\"wp-block-separator has-alpha-channel-opacity\"\/>\n\n\n\n<h3 class=\"wp-block-heading\">Visite \u00e0 la famille d\u2019Amako\u00e9 ADOLEHOUME \u00e0 Afagnan<\/h3>\n\n\n\n<div class=\"wp-block-media-text is-stacked-on-mobile\" style=\"grid-template-columns:24% auto\"><figure class=\"wp-block-media-text__media\"><img loading=\"lazy\" decoding=\"async\" width=\"173\" height=\"260\" src=\"https:\/\/www.sitrass.org\/wp-content\/uploads\/2026\/02\/AMAKOE_ADOLEHOUME.jpg\" alt=\"\" class=\"wp-image-400 size-full\"\/><\/figure><div class=\"wp-block-media-text__content\">\n<p class=\"has-medium-font-size\"><strong><a href=\"https:\/\/www.sitrass.org\/wp-content\/uploads\/2026\/02\/Visite_famille_AMAKOE_ADOLEHOUME.pdf\" data-type=\"link\" data-id=\"https:\/\/www.sitrass.org\/wp-content\/uploads\/2026\/02\/Visite_famille_AMAKOE_ADOLEHOUME.pdf\">Photographies prises lors de la <\/a><\/strong><br><strong><a href=\"https:\/\/www.sitrass.org\/wp-content\/uploads\/2026\/02\/Visite_famille_AMAKOE_ADOLEHOUME.pdf\" data-type=\"link\" data-id=\"https:\/\/www.sitrass.org\/wp-content\/uploads\/2026\/02\/Visite_famille_AMAKOE_ADOLEHOUME.pdf\">visite \u00e0 la famille <\/a><\/strong><br><strong><a href=\"https:\/\/www.sitrass.org\/wp-content\/uploads\/2026\/02\/Visite_famille_AMAKOE_ADOLEHOUME.pdf\" data-type=\"link\" data-id=\"https:\/\/www.sitrass.org\/wp-content\/uploads\/2026\/02\/Visite_famille_AMAKOE_ADOLEHOUME.pdf\">d&rsquo;Amako\u00e9 ADOLEHOUME<\/a><\/strong><\/p>\n<\/div><\/div>\n\n\n<div class=\"wp-block-image\">\n<figure class=\"aligncenter size-full\"><img loading=\"lazy\" decoding=\"async\" width=\"800\" height=\"221\" src=\"https:\/\/www.sitrass.org\/wp-content\/uploads\/2026\/02\/PHOTOGRAPHIE_7_VISITE_A_LA_FAMILLE_AMAKOE_ADOLEHOUME.jpg\" alt=\"\" class=\"wp-image-402\" srcset=\"https:\/\/www.sitrass.org\/wp-content\/uploads\/2026\/02\/PHOTOGRAPHIE_7_VISITE_A_LA_FAMILLE_AMAKOE_ADOLEHOUME.jpg 800w, https:\/\/www.sitrass.org\/wp-content\/uploads\/2026\/02\/PHOTOGRAPHIE_7_VISITE_A_LA_FAMILLE_AMAKOE_ADOLEHOUME-300x83.jpg 300w, https:\/\/www.sitrass.org\/wp-content\/uploads\/2026\/02\/PHOTOGRAPHIE_7_VISITE_A_LA_FAMILLE_AMAKOE_ADOLEHOUME-768x212.jpg 768w, https:\/\/www.sitrass.org\/wp-content\/uploads\/2026\/02\/PHOTOGRAPHIE_7_VISITE_A_LA_FAMILLE_AMAKOE_ADOLEHOUME-604x167.jpg 604w\" sizes=\"auto, (max-width: 800px) 100vw, 800px\" \/><\/figure><\/div>","protected":false},"excerpt":{"rendered":"<p>S\u00e9minaire International sur les Transports et la Recherche en Afrique Sub-Saharienne 10 &#8211; 12 septembre 2025 Th\u00e8me : Bilan et perspectives apr\u00e8s 40 ans de programmes et de politiques de transport en Afrique [ Programme ] &#8211; [ Appel \u00e0 communication ] Ouverture du S\u00e9minaire Panel de haut niveau : Bilan et perspectives apr\u00e8s 40 ans de programmes et de politiques de transport en Afrique Mod\u00e9rateur : Alain BONNAFOUS (LAET\/SITRASS) Session 2 : Transports Urbains \/ Autorit\u00e9s organisatrices de mobilit\u00e9&#8230;<\/p>\n<p class=\"read-more\"><a class=\"btn btn-default\" href=\"https:\/\/www.sitrass.org\/index.php\/sitrass-10-lome-togo\/\">Lire la suite<span class=\"screen-reader-text\"> Lire la suite<\/span><\/a><\/p>\n","protected":false},"author":3,"featured_media":0,"parent":0,"menu_order":0,"comment_status":"closed","ping_status":"closed","template":"","meta":{"footnotes":""},"class_list":["post-271","page","type-page","status-publish","hentry"],"_links":{"self":[{"href":"https:\/\/www.sitrass.org\/index.php\/wp-json\/wp\/v2\/pages\/271","targetHints":{"allow":["GET"]}}],"collection":[{"href":"https:\/\/www.sitrass.org\/index.php\/wp-json\/wp\/v2\/pages"}],"about":[{"href":"https:\/\/www.sitrass.org\/index.php\/wp-json\/wp\/v2\/types\/page"}],"author":[{"embeddable":true,"href":"https:\/\/www.sitrass.org\/index.php\/wp-json\/wp\/v2\/users\/3"}],"replies":[{"embeddable":true,"href":"https:\/\/www.sitrass.org\/index.php\/wp-json\/wp\/v2\/comments?post=271"}],"version-history":[{"count":64,"href":"https:\/\/www.sitrass.org\/index.php\/wp-json\/wp\/v2\/pages\/271\/revisions"}],"predecessor-version":[{"id":377,"href":"https:\/\/www.sitrass.org\/index.php\/wp-json\/wp\/v2\/pages\/271\/revisions\/377"}],"wp:attachment":[{"href":"https:\/\/www.sitrass.org\/index.php\/wp-json\/wp\/v2\/media?parent=271"}],"curies":[{"name":"wp","href":"https:\/\/api.w.org\/{rel}","templated":true}]}}